{"id":410,"date":"2021-11-16T19:02:53","date_gmt":"2021-11-16T19:02:53","guid":{"rendered":"http:\/\/avaeh.org\/web_nueva_2021\/?page_id=410"},"modified":"2021-11-24T16:04:15","modified_gmt":"2021-11-24T16:04:15","slug":"legislacion","status":"publish","type":"page","link":"https:\/\/avaeh.org\/web_nueva_2021\/legislacion\/","title":{"rendered":"Legislaci\u00f3n Dependencia"},"content":{"rendered":"\n<p><strong>DEPENDENCIA<\/strong><\/p>\n\n\n\n<p><strong>Estatal<\/strong><\/p>\n\n\n\n<p><a href=\"https:\/\/www.boe.es\/buscar\/pdf\/2006\/BOE-A-2006-21990-consolidado.pdf\" target=\"_blank\" rel=\"noreferrer noopener\">Ley 39\/2006, de 14 de diciembre, de Promoci\u00f3n de la Autonom\u00eda Personal y Atenci\u00f3n a las personas en situaci\u00f3n de dependencia. (BOE n\u00fam. 299 de 15.12.2006)<\/a><\/p>\n\n\n\n<p><a href=\"http:\/\/www.boe.es\/buscar\/pdf\/2011\/BOE-A-2011-20638-consolidado.pdf\" target=\"_blank\" rel=\"noreferrer noopener\">Real Decreto-ley 20\/2012, de 13 de julio, de medidas para garantizar la estabilidad presupuestaria y de fomento de la competitividad. (BOE n\u00fam. 168 de 14.07.2012)<\/a><\/p>\n\n\n\n<p><a href=\"http:\/\/www.boe.es\/buscar\/pdf\/2011\/BOE-A-2011-20638-consolidado.pdf\" target=\"_blank\" rel=\"noreferrer noopener\">Real Decreto-ley 20\/2011, de 30 de diciembre, de medidas urgentes en materia presupuestaria, tributaria y financiera para la correcci\u00f3n del d\u00e9ficit p\u00fablico. (BOE n\u00fam. 315 de 31.12.2011)<\/a><\/p>\n\n\n\n<p><a href=\"https:\/\/www.boe.es\/boe\/dias\/2012\/07\/14\/pdfs\/BOE-A-2012-9364.pdf\" target=\"_blank\" rel=\"noreferrer noopener\">Real Decreto-ley 8\/2010, de 20 de mayo, por el que se adoptan medidas extraordinarias para la reducci\u00f3n del d\u00e9ficit p\u00fablico. (BOE n\u00fam. 126 de 24.05.2010)<\/a><\/p>\n\n\n\n<p><a href=\"https:\/\/www.boe.es\/boe\/dias\/2012\/07\/14\/pdfs\/BOE-A-2012-9364.pdf\" target=\"_blank\" rel=\"noreferrer noopener\">Real Decreto 291\/2015, de 17 de abril, por el que se modifica el Real Decreto 1051\/2013, de 27 de diciembre, por el que se regulan las prestaciones del Sistema para la Autonom\u00eda y Atenci\u00f3n a la Dependencia, establecidas en la Ley 39\/2006, de 14 de diciembre, de Promoci\u00f3n de la Autonom\u00eda Personal y Atenci\u00f3n a las personas en situaci\u00f3n de dependencia. (BOE n\u00fam. 104 de 01.05.2015)<\/a><\/p>\n\n\n\n<p><a href=\"https:\/\/www.boe.es\/boe\/dias\/2012\/07\/14\/pdfs\/BOE-A-2012-9364.pdf\" target=\"_blank\" rel=\"noreferrer noopener\">Real Decreto 1051\/2013, de 27 de diciembre, por el que se regulan las prestaciones del Sistema para la Autonom\u00eda y Atenci\u00f3n a la Dependencia, establecidas en la Ley 39\/2006, de 14 de diciembre, de Promoci\u00f3n de la Autonom\u00eda Personal y Atenci\u00f3n a las personas en situaci\u00f3n de dependencia. (BOE n\u00fam. 313 de 31.12.2013)<\/a><\/p>\n\n\n\n<p><a href=\"https:\/\/www.boe.es\/boe\/dias\/2012\/07\/14\/pdfs\/BOE-A-2012-9364.pdf\" target=\"_blank\" rel=\"noreferrer noopener\">Real Decreto 1050\/2013, de 27 de diciembre, por el que se regula el nivel m\u00ednimo de protecci\u00f3n establecido en la Ley 39\/2006, de 14 de diciembre, de Promoci\u00f3n de la Autonom\u00eda Personal y Atenci\u00f3n a las personas en situaci\u00f3n de dependencia. (BOE n\u00fam. 313 de 31.12.2013)<\/a><\/p>\n\n\n\n<p><a href=\"https:\/\/www.boe.es\/boe\/dias\/2012\/07\/14\/pdfs\/BOE-A-2012-9364.pdf\" target=\"_blank\" rel=\"noreferrer noopener\">Real Decreto 174\/2011, de 11 de febrero, por el que se aprueba el baremo de valoraci\u00f3n de la situaci\u00f3n de dependencia establecido por la Ley 39\/2006, de 14 de diciembre, de Promoci\u00f3n de la Autonom\u00eda Personal y Atenci\u00f3n a las personas en situaci\u00f3n de dependencia. (BOE n\u00fam. 42 de 18.02.2011)<\/a><\/p>\n\n\n\n<p><a href=\"https:\/\/www.boe.es\/boe\/dias\/2012\/07\/14\/pdfs\/BOE-A-2012-9364.pdf\" target=\"_blank\" rel=\"noreferrer noopener\">Orden SSI\/2371\/2013, de 17 de diciembre, por la que se regula el Sistema de Informaci\u00f3n del Sistema para la Autonom\u00eda y Atenci\u00f3n a la Dependencia. Fecha de publicaci\u00f3n: 18\/12\/2013. (BOE n\u00fam. 302 de 18.12.2013)<\/a><\/p>\n\n\n\n<p><\/p>\n\n\n\n<p><strong>Auton\u00f3mica<\/strong><\/p>\n\n\n\n<p><a href=\"https:\/\/dogv.gva.es\/datos\/2017\/06\/13\/pdf\/2017_5227.pdf\" target=\"_blank\" rel=\"noreferrer noopener\">DECRETO 62\/2017, de 19 de mayo, del Consell, por el que se establece el procedimiento para reconocer el grado de dependencia a las personas y el acceso al sistema p\u00fablico de servicios y prestaciones econ\u00f3micas. (DOGV n\u00fam. 8061 de 13.06.2017)<\/a><\/p>\n\n\n\n<p><\/p>\n\n\n\n<p><\/p>\n","protected":false},"excerpt":{"rendered":"<p>DEPENDENCIA Estatal Ley 39\/2006, de 14 de diciembre, de Promoci\u00f3n de la Autonom\u00eda Personal y Atenci\u00f3n a las personas en situaci\u00f3n de dependencia. (BOE n\u00fam. 299 de 15.12.2006) Real Decreto-ley 20\/2012, de 13 de julio, de medidas para garantizar la estabilidad presupuestaria y de fomento de la competitividad. (BOE n\u00fam. [&hellip;]<\/p>\n","protected":false},"author":1,"featured_media":0,"parent":0,"menu_order":0,"comment_status":"closed","ping_status":"closed","template":"","meta":{"footnotes":""},"class_list":["post-410","page","type-page","status-publish","hentry"],"_links":{"self":[{"href":"https:\/\/avaeh.org\/web_nueva_2021\/wp-json\/wp\/v2\/pages\/410","targetHints":{"allow":["GET"]}}],"collection":[{"href":"https:\/\/avaeh.org\/web_nueva_2021\/wp-json\/wp\/v2\/pages"}],"about":[{"href":"https:\/\/avaeh.org\/web_nueva_2021\/wp-json\/wp\/v2\/types\/page"}],"author":[{"embeddable":true,"href":"https:\/\/avaeh.org\/web_nueva_2021\/wp-json\/wp\/v2\/users\/1"}],"replies":[{"embeddable":true,"href":"https:\/\/avaeh.org\/web_nueva_2021\/wp-json\/wp\/v2\/comments?post=410"}],"version-history":[{"count":5,"href":"https:\/\/avaeh.org\/web_nueva_2021\/wp-json\/wp\/v2\/pages\/410\/revisions"}],"predecessor-version":[{"id":503,"href":"https:\/\/avaeh.org\/web_nueva_2021\/wp-json\/wp\/v2\/pages\/410\/revisions\/503"}],"wp:attachment":[{"href":"https:\/\/avaeh.org\/web_nueva_2021\/wp-json\/wp\/v2\/media?parent=410"}],"curies":[{"name":"wp","href":"https:\/\/api.w.org\/{rel}","templated":true}]}}