{"id":2277,"date":"2023-07-18T15:48:54","date_gmt":"2023-07-18T15:48:54","guid":{"rendered":"https:\/\/avaeh.org\/web_nueva_2021\/?page_id=2277"},"modified":"2025-10-29T12:39:12","modified_gmt":"2025-10-29T12:39:12","slug":"formacion-contra-la-discriminacion-en-enfermedad-de-huntington","status":"publish","type":"page","link":"https:\/\/avaeh.org\/web_nueva_2021\/formacion-contra-la-discriminacion-en-enfermedad-de-huntington\/","title":{"rendered":"Sensibilizaci\u00f3n y formaci\u00f3n contra la discriminaci\u00f3n en Enfermedad de Huntington"},"content":{"rendered":"\n<figure class=\"wp-block-image size-large\"><img loading=\"lazy\" decoding=\"async\" width=\"819\" height=\"1024\" src=\"https:\/\/avaeh.org\/web_nueva_2021\/wp-content\/uploads\/2025\/07\/Programa-Sensibilitzacio-i-Formacio-contra-la-Discriminacio-en-la-MH-1-819x1024.jpg\" alt=\"\" class=\"wp-image-3507\" srcset=\"https:\/\/avaeh.org\/web_nueva_2021\/wp-content\/uploads\/2025\/07\/Programa-Sensibilitzacio-i-Formacio-contra-la-Discriminacio-en-la-MH-1-819x1024.jpg 819w, https:\/\/avaeh.org\/web_nueva_2021\/wp-content\/uploads\/2025\/07\/Programa-Sensibilitzacio-i-Formacio-contra-la-Discriminacio-en-la-MH-1-240x300.jpg 240w, https:\/\/avaeh.org\/web_nueva_2021\/wp-content\/uploads\/2025\/07\/Programa-Sensibilitzacio-i-Formacio-contra-la-Discriminacio-en-la-MH-1-768x960.jpg 768w, https:\/\/avaeh.org\/web_nueva_2021\/wp-content\/uploads\/2025\/07\/Programa-Sensibilitzacio-i-Formacio-contra-la-Discriminacio-en-la-MH-1.jpg 1080w\" sizes=\"auto, (max-width: 819px) 100vw, 819px\" \/><\/figure>\n\n\n\n<ul class=\"wp-block-list\">\n<li>Atenci\u00f3n social<\/li>\n\n\n\n<li>Atenci\u00f3n psicol\u00f3gica<\/li>\n\n\n\n<li>Formaci\u00f3n en Enfermedad de Huntington a equipos multidisciplinares sociosanitarios<\/li>\n\n\n\n<li>Formaci\u00f3n en Enfermedad de Huntington en centros educativos<\/li>\n\n\n\n<li>Formaci\u00f3n centros residenciales y centros de d\u00eda<\/li>\n\n\n\n<li>Campa\u00f1as de visibilizaci\u00f3n de la Enfermedad de Huntington<\/li>\n<\/ul>\n\n\n\n<p>Programa subvencionado por la Conselleria de Serveis Socials, Igualtat i Habitatge de la Generalitat Valenciana.<\/p>\n\n\n\n<p>Para participar en nuestros programas contactar:<\/p>\n\n\n\n<p>Correo electr\u00f3nico \u2013 avaeh@avaeh.org<\/p>\n\n\n\n<p>M\u00f3vil \u2013 623236578<\/p>\n","protected":false},"excerpt":{"rendered":"<p>Programa subvencionado por la Conselleria de Serveis Socials, Igualtat i Habitatge de la Generalitat Valenciana. Para participar en nuestros programas contactar: Correo electr\u00f3nico \u2013 avaeh@avaeh.org M\u00f3vil \u2013 623236578<\/p>\n","protected":false},"author":1,"featured_media":3507,"parent":0,"menu_order":0,"comment_status":"closed","ping_status":"closed","template":"","meta":{"footnotes":""},"class_list":["post-2277","page","type-page","status-publish","has-post-thumbnail","hentry"],"_links":{"self":[{"href":"https:\/\/avaeh.org\/web_nueva_2021\/wp-json\/wp\/v2\/pages\/2277","targetHints":{"allow":["GET"]}}],"collection":[{"href":"https:\/\/avaeh.org\/web_nueva_2021\/wp-json\/wp\/v2\/pages"}],"about":[{"href":"https:\/\/avaeh.org\/web_nueva_2021\/wp-json\/wp\/v2\/types\/page"}],"author":[{"embeddable":true,"href":"https:\/\/avaeh.org\/web_nueva_2021\/wp-json\/wp\/v2\/users\/1"}],"replies":[{"embeddable":true,"href":"https:\/\/avaeh.org\/web_nueva_2021\/wp-json\/wp\/v2\/comments?post=2277"}],"version-history":[{"count":7,"href":"https:\/\/avaeh.org\/web_nueva_2021\/wp-json\/wp\/v2\/pages\/2277\/revisions"}],"predecessor-version":[{"id":3545,"href":"https:\/\/avaeh.org\/web_nueva_2021\/wp-json\/wp\/v2\/pages\/2277\/revisions\/3545"}],"wp:featuredmedia":[{"embeddable":true,"href":"https:\/\/avaeh.org\/web_nueva_2021\/wp-json\/wp\/v2\/media\/3507"}],"wp:attachment":[{"href":"https:\/\/avaeh.org\/web_nueva_2021\/wp-json\/wp\/v2\/media?parent=2277"}],"curies":[{"name":"wp","href":"https:\/\/api.w.org\/{rel}","templated":true}]}}